{"id":8533,"date":"2026-01-30T12:09:57","date_gmt":"2026-01-30T11:09:57","guid":{"rendered":"https:\/\/velolake.com\/?page_id=8533"},"modified":"2026-03-21T17:35:38","modified_gmt":"2026-03-21T16:35:38","slug":"fahrradverleih-riva-del-garda","status":"publish","type":"page","link":"https:\/\/velolake.com\/de\/where-to-find-us\/bike-rent-riva-del-garda\/","title":{"rendered":"Fahrradverleih Riva del Garda"},"content":{"rendered":"<div data-elementor-type=\"wp-page\" data-elementor-id=\"8533\" class=\"elementor elementor-8533\" data-elementor-post-type=\"page\">\n\t\t\t\t\t\t<section class=\"elementor-section elementor-top-section elementor-element elementor-element-41fbfd0a elementor-section-height-min-height elementor-section-boxed elementor-section-height-default elementor-section-items-middle\" data-id=\"41fbfd0a\" data-element_type=\"section\" data-e-type=\"section\">\n\t\t\t\t\t\t\t<div class=\"elementor-background-overlay\"><\/div>\n\t\t\t\t\t\t\t<div class=\"elementor-container elementor-column-gap-default\">\n\t\t\t\t\t<div class=\"elementor-column elementor-col-100 elementor-top-column elementor-element elementor-element-49c5fab7\" data-id=\"49c5fab7\" data-element_type=\"column\" data-e-type=\"column\">\n\t\t\t<div class=\"elementor-widget-wrap elementor-element-populated\">\n\t\t\t\t\t\t<div class=\"elementor-element elementor-element-60a0f6ab elementor-widget elementor-widget-heading\" data-id=\"60a0f6ab\" data-element_type=\"widget\" data-e-type=\"widget\" data-widget_type=\"heading.default\">\n\t\t\t\t<div class=\"elementor-widget-container\">\n\t\t\t\t\t<h1 class=\"elementor-heading-title elementor-size-default\">Fahrradverleih Riva del Garda<\/h1>\t\t\t\t<\/div>\n\t\t\t\t<\/div>\n\t\t\t\t<div class=\"elementor-element elementor-element-2950e7f7 elementor-widget elementor-widget-breadcrumbs\" data-id=\"2950e7f7\" data-element_type=\"widget\" data-e-type=\"widget\" data-widget_type=\"breadcrumbs.default\">\n\t\t\t\t<div class=\"elementor-widget-container\">\n\t\t\t\t\t<div id=\"breadcrumbs\"><span><span><a href=\"https:\/\/velolake.com\/de\/\">Home<\/a><\/span><\/span><\/div>\t\t\t\t<\/div>\n\t\t\t\t<\/div>\n\t\t\t\t<div class=\"elementor-element elementor-element-58aebeda elementor-widget elementor-widget-text-editor\" data-id=\"58aebeda\" data-element_type=\"widget\" data-e-type=\"widget\" data-widget_type=\"text-editor.default\">\n\t\t\t\t<div class=\"elementor-widget-container\">\n\t\t\t\t\t\t\t\t\t<p>Suchen Sie einen Fahrradverleih in Riva del Garda? Velolake bietet erstklassige Mietr\u00e4der f\u00fcr ein unvergessliches Radsport-Erlebnis. Egal, ob Sie die legend\u00e4re Ponale-Stra\u00dfe bezwingen, zum Ledrosee hinaufsteigen oder entspannt auf Ihren Uferradwegen fahren, wir bieten das perfekte Bike f\u00fcr das einzigartige Gel\u00e4nde am Nordufer.<\/p>\t\t\t\t\t\t\t\t<\/div>\n\t\t\t\t<\/div>\n\t\t\t\t<div class=\"elementor-element elementor-element-1baacb7b elementor-mobile-align-justify elementor-align-left elementor-widget elementor-widget-button\" data-id=\"1baacb7b\" data-element_type=\"widget\" data-e-type=\"widget\" data-widget_type=\"button.default\">\n\t\t\t\t<div class=\"elementor-widget-container\">\n\t\t\t\t\t\t\t\t\t<div class=\"elementor-button-wrapper\">\n\t\t\t\t\t<a class=\"elementor-button elementor-button-link elementor-size-sm\" href=\"https:\/\/velolake.com\/de\/fahrradverleih-gardasee\/\">\n\t\t\t\t\t\t<span class=\"elementor-button-content-wrapper\">\n\t\t\t\t\t\t\t\t\t<span class=\"elementor-button-text\">Online mieten<\/span>\n\t\t\t\t\t<\/span>\n\t\t\t\t\t<\/a>\n\t\t\t\t<\/div>\n\t\t\t\t\t\t\t\t<\/div>\n\t\t\t\t<\/div>\n\t\t\t\t\t<\/div>\n\t\t<\/div>\n\t\t\t\t\t<\/div>\n\t\t<\/section>\n\t\t\t\t<section class=\"elementor-section elementor-top-section elementor-element elementor-element-6b821544 elementor-section-height-min-height elementor-section-boxed elementor-section-height-default elementor-section-items-middle\" data-id=\"6b821544\" data-element_type=\"section\" data-e-type=\"section\" data-settings=\"{&quot;background_background&quot;:&quot;classic&quot;}\">\n\t\t\t\t\t\t\t<div class=\"elementor-background-overlay\"><\/div>\n\t\t\t\t\t\t\t<div class=\"elementor-container elementor-column-gap-default\">\n\t\t\t\t\t<div class=\"elementor-column elementor-col-100 elementor-top-column elementor-element elementor-element-63896ba9\" data-id=\"63896ba9\" data-element_type=\"column\" data-e-type=\"column\">\n\t\t\t<div class=\"elementor-widget-wrap elementor-element-populated\">\n\t\t\t\t\t\t<div class=\"elementor-element elementor-element-318f7444 elementor-widget elementor-widget-heading\" data-id=\"318f7444\" data-element_type=\"widget\" data-e-type=\"widget\" data-widget_type=\"heading.default\">\n\t\t\t\t<div class=\"elementor-widget-container\">\n\t\t\t\t\t<h2 class=\"elementor-heading-title elementor-size-default\">Adresse<\/h2>\t\t\t\t<\/div>\n\t\t\t\t<\/div>\n\t\t\t\t<div class=\"elementor-element elementor-element-5671b6dc elementor-widget__width-auto elementor-widget-mobile__width-inherit elementor-widget elementor-widget-google_maps\" data-id=\"5671b6dc\" data-element_type=\"widget\" data-e-type=\"widget\" data-widget_type=\"google_maps.default\">\n\t\t\t\t<div class=\"elementor-widget-container\">\n\t\t\t\t\t\t\t<div class=\"elementor-custom-embed\">\n\t\t\t<iframe loading=\"lazy\"\n\t\t\t\t\tsrc=\"https:\/\/maps.google.com\/maps?q=Viale%20Damiano%20Chiesa%2C%201%2C%2038066%20Riva%20del%20Garda%20TN&#038;t=m&#038;z=10&#038;output=embed&#038;iwloc=near\"\n\t\t\t\t\ttitle=\"Viale Damiano Chiesa, 1, 38066 Riva del Garda TN\"\n\t\t\t\t\taria-label=\"Viale Damiano Chiesa, 1, 38066 Riva del Garda TN\"\n\t\t\t><\/iframe>\n\t\t<\/div>\n\t\t\t\t\t\t<\/div>\n\t\t\t\t<\/div>\n\t\t\t\t<div class=\"elementor-element elementor-element-43c40222 elementor-widget__width-auto elementor-widget elementor-widget-text-editor\" data-id=\"43c40222\" data-element_type=\"widget\" data-e-type=\"widget\" data-widget_type=\"text-editor.default\">\n\t\t\t\t<div class=\"elementor-widget-container\">\n\t\t\t\t\t\t\t\t\t<p><strong>Fahrradverleih Velolake | Riva del Garda | Trento (TN)<\/strong><\/p><p>Viale Damiano Chiesa, 1, 38066 Riva del Garda (TN).<\/p>\t\t\t\t\t\t\t\t<\/div>\n\t\t\t\t<\/div>\n\t\t\t\t\t<\/div>\n\t\t<\/div>\n\t\t\t\t\t<\/div>\n\t\t<\/section>\n\t\t\t\t<section class=\"elementor-section elementor-top-section elementor-element elementor-element-77638b8e elementor-section-height-min-height elementor-section-boxed elementor-section-height-default elementor-section-items-middle\" data-id=\"77638b8e\" data-element_type=\"section\" data-e-type=\"section\" data-settings=\"{&quot;background_background&quot;:&quot;classic&quot;}\">\n\t\t\t\t\t\t\t<div class=\"elementor-background-overlay\"><\/div>\n\t\t\t\t\t\t\t<div class=\"elementor-container elementor-column-gap-default\">\n\t\t\t\t\t<div class=\"elementor-column elementor-col-100 elementor-top-column elementor-element elementor-element-68f9527e\" data-id=\"68f9527e\" data-element_type=\"column\" data-e-type=\"column\">\n\t\t\t<div class=\"elementor-widget-wrap elementor-element-populated\">\n\t\t\t\t\t\t<div class=\"elementor-element elementor-element-1d4b7a0f elementor-widget elementor-widget-heading\" data-id=\"1d4b7a0f\" data-element_type=\"widget\" data-e-type=\"widget\" data-widget_type=\"heading.default\">\n\t\t\t\t<div class=\"elementor-widget-container\">\n\t\t\t\t\t<h2 class=\"elementor-heading-title elementor-size-default\">\u00d6ffnungszeiten<\/h2>\t\t\t\t<\/div>\n\t\t\t\t<\/div>\n\t\t\t\t<div class=\"elementor-element elementor-element-3951b4c5 elementor-widget elementor-widget-heading\" data-id=\"3951b4c5\" data-element_type=\"widget\" data-e-type=\"widget\" data-widget_type=\"heading.default\">\n\t\t\t\t<div class=\"elementor-widget-container\">\n\t\t\t\t\t<p class=\"elementor-heading-title elementor-size-default\">march 15th \u2013 November 2nd, 2026<\/p>\t\t\t\t<\/div>\n\t\t\t\t<\/div>\n\t\t\t\t<div class=\"elementor-element elementor-element-3e937d49 elementor-widget elementor-widget-heading\" data-id=\"3e937d49\" data-element_type=\"widget\" data-e-type=\"widget\" data-widget_type=\"heading.default\">\n\t\t\t\t<div class=\"elementor-widget-container\">\n\t\t\t\t\t<p class=\"elementor-heading-title elementor-size-default\">Vormittags: 09:00 \u2013 13:00 Uhr<br>\nNachmittags: 15:00 \u2013 19:00 Uhr<\/p>\t\t\t\t<\/div>\n\t\t\t\t<\/div>\n\t\t\t\t<div class=\"elementor-element elementor-element-65554a85 elementor-mobile-align-justify elementor-widget elementor-widget-button\" data-id=\"65554a85\" data-element_type=\"widget\" data-e-type=\"widget\" data-widget_type=\"button.default\">\n\t\t\t\t<div class=\"elementor-widget-container\">\n\t\t\t\t\t\t\t\t\t<div class=\"elementor-button-wrapper\">\n\t\t\t\t\t<a class=\"elementor-button elementor-button-link elementor-size-sm\" href=\"https:\/\/velolake.com\/de\/fahrradverleih-gardasee\/\">\n\t\t\t\t\t\t<span class=\"elementor-button-content-wrapper\">\n\t\t\t\t\t\t\t\t\t<span class=\"elementor-button-text\">Online mieten<\/span>\n\t\t\t\t\t<\/span>\n\t\t\t\t\t<\/a>\n\t\t\t\t<\/div>\n\t\t\t\t\t\t\t\t<\/div>\n\t\t\t\t<\/div>\n\t\t\t\t\t<\/div>\n\t\t<\/div>\n\t\t\t\t\t<\/div>\n\t\t<\/section>\n\t\t\t\t<section class=\"elementor-section elementor-top-section elementor-element elementor-element-1026ec07 elementor-section-boxed elementor-section-height-default elementor-section-height-default\" data-id=\"1026ec07\" data-element_type=\"section\" data-e-type=\"section\" data-settings=\"{&quot;background_background&quot;:&quot;classic&quot;}\">\n\t\t\t\t\t\t\t<div class=\"elementor-background-overlay\"><\/div>\n\t\t\t\t\t\t\t<div class=\"elementor-container elementor-column-gap-default\">\n\t\t\t\t\t<div class=\"elementor-column elementor-col-100 elementor-top-column elementor-element elementor-element-3119483d\" data-id=\"3119483d\" data-element_type=\"column\" data-e-type=\"column\">\n\t\t\t<div class=\"elementor-widget-wrap elementor-element-populated\">\n\t\t\t\t\t\t<section class=\"elementor-section elementor-inner-section elementor-element elementor-element-7955cd4d elementor-reverse-tablet elementor-reverse-mobile elementor-section-boxed elementor-section-height-default elementor-section-height-default\" data-id=\"7955cd4d\" data-element_type=\"section\" data-e-type=\"section\">\n\t\t\t\t\t\t<div class=\"elementor-container elementor-column-gap-default\">\n\t\t\t\t\t<div class=\"elementor-column elementor-col-50 elementor-inner-column elementor-element elementor-element-235969ce\" data-id=\"235969ce\" data-element_type=\"column\" data-e-type=\"column\">\n\t\t\t<div class=\"elementor-widget-wrap elementor-element-populated\">\n\t\t\t\t\t\t<div class=\"elementor-element elementor-element-4e62ebb2 elementor-widget elementor-widget-heading\" data-id=\"4e62ebb2\" data-element_type=\"widget\" data-e-type=\"widget\" data-widget_type=\"heading.default\">\n\t\t\t\t<div class=\"elementor-widget-container\">\n\t\t\t\t\t<h2 class=\"elementor-heading-title elementor-size-default\">Leistungen &amp; Vorteile<\/h2>\t\t\t\t<\/div>\n\t\t\t\t<\/div>\n\t\t\t\t<div class=\"elementor-element elementor-element-149b66b2 elementor-widget elementor-widget-text-editor\" data-id=\"149b66b2\" data-element_type=\"widget\" data-e-type=\"widget\" data-widget_type=\"text-editor.default\">\n\t\t\t\t<div class=\"elementor-widget-container\">\n\t\t\t\t\t\t\t\t\t<p>\u2705 \u00dcber 25 Fahrr\u00e4der: E-MTB, Enduro, Rennrad, Gravel<\/p><p>\u2705 Einwegmiete m\u00f6glich: Abholung in Riva, R\u00fcckgabe an jedem anderen VeloLake-Standort (Sal\u00f2, Bardolino usw.).<\/p><p>\u2705 Fahrradlieferung zu Ihrem Hotel: Ihr Fahrrad steht bei Ihrer Ankunft in Ihrer Unterkunft bereit.<\/p><p>\u2705 Fahrradreparaturservice: Professionelle Wartung Ihres eigenen Fahrrads (nach Vereinbarung).<\/p><p>\u2705 Helm- und Ausr\u00fcstungsverleih: Hochwertige Ausr\u00fcstung, stets desinfiziert und in einwandfreiem Zustand.<\/p><p>\u2705 Fachm\u00e4nnische Fahrradeinstellung: Federung und Ergonomie werden von unseren lokalen Profis an Ihren Fahrstil angepasst.<\/p>\t\t\t\t\t\t\t\t<\/div>\n\t\t\t\t<\/div>\n\t\t\t\t\t<\/div>\n\t\t<\/div>\n\t\t\t\t<div class=\"elementor-column elementor-col-50 elementor-inner-column elementor-element elementor-element-2db2d3d0\" data-id=\"2db2d3d0\" data-element_type=\"column\" data-e-type=\"column\" data-settings=\"{&quot;background_background&quot;:&quot;classic&quot;}\">\n\t\t\t<div class=\"elementor-widget-wrap elementor-element-populated\">\n\t\t\t\t\t\t<div class=\"elementor-element elementor-element-778cb251 elementor-arrows-position-inside elementor-widget elementor-widget-image-carousel\" data-id=\"778cb251\" data-element_type=\"widget\" data-e-type=\"widget\" data-settings=\"{&quot;slides_to_show&quot;:&quot;1&quot;,&quot;autoplay_speed&quot;:4500,&quot;speed&quot;:800,&quot;slides_to_show_tablet&quot;:&quot;3&quot;,&quot;navigation&quot;:&quot;arrows&quot;,&quot;autoplay&quot;:&quot;yes&quot;,&quot;pause_on_hover&quot;:&quot;yes&quot;,&quot;pause_on_interaction&quot;:&quot;yes&quot;,&quot;infinite&quot;:&quot;yes&quot;,&quot;effect&quot;:&quot;slide&quot;}\" data-widget_type=\"image-carousel.default\">\n\t\t\t\t<div class=\"elementor-widget-container\">\n\t\t\t\t\t\t\t<div class=\"elementor-image-carousel-wrapper swiper\" role=\"region\" aria-roledescription=\"carousel\" aria-label=\"Carosello modelli bici\" dir=\"ltr\">\n\t\t\t<div class=\"elementor-image-carousel swiper-wrapper\" aria-live=\"off\">\n\t\t\t\t\t\t\t\t<div class=\"swiper-slide\" role=\"group\" aria-roledescription=\"slide\" aria-label=\"1 von 10\" data-no-translation-aria-label=\"\"><figure class=\"swiper-slide-inner\"><img decoding=\"async\" class=\"swiper-slide-image\" src=\"https:\/\/velolake.com\/wp-content\/uploads\/2025\/03\/Giant-Eplus-1-categoria-e-fully.webp\" alt=\"Giant Reign E+ 1\" \/><\/figure><\/div><div class=\"swiper-slide\" role=\"group\" aria-roledescription=\"slide\" aria-label=\"2 von 10\" data-no-translation-aria-label=\"\"><figure class=\"swiper-slide-inner\"><img decoding=\"async\" class=\"swiper-slide-image\" src=\"https:\/\/velolake.com\/wp-content\/uploads\/2025\/03\/Giant-Trance-X-29-2-categoria-mtb-fully-1.webp\" alt=\"Giant Trance X 29 2 ( categoria mtb fully ) (1)\" \/><\/figure><\/div><div class=\"swiper-slide\" role=\"group\" aria-roledescription=\"slide\" aria-label=\"3 von 10\" data-no-translation-aria-label=\"\"><figure class=\"swiper-slide-inner\"><img decoding=\"async\" class=\"swiper-slide-image\" src=\"https:\/\/velolake.com\/wp-content\/uploads\/2025\/03\/Giant-Stance-E1-Pro-categoria-emtb-pro.webp\" alt=\"Giant Stance E+1 Pro\" \/><\/figure><\/div><div class=\"swiper-slide\" role=\"group\" aria-roledescription=\"slide\" aria-label=\"4 von 10\" data-no-translation-aria-label=\"\"><figure class=\"swiper-slide-inner\"><img decoding=\"async\" class=\"swiper-slide-image\" src=\"https:\/\/velolake.com\/wp-content\/uploads\/2025\/03\/Giant-Anytour-categoria-e-trekking.webp\" alt=\"Giant Anytour LDS\" \/><\/figure><\/div><div class=\"swiper-slide\" role=\"group\" aria-roledescription=\"slide\" aria-label=\"5 von 10\" data-no-translation-aria-label=\"\"><figure class=\"swiper-slide-inner\"><img decoding=\"async\" class=\"swiper-slide-image\" src=\"https:\/\/velolake.com\/wp-content\/uploads\/2025\/03\/Giant-Revolt-E-categoria-e-gavel.webp\" alt=\"Giant Revolt E+ (categoria e-gavel)\" \/><\/figure><\/div><div class=\"swiper-slide\" role=\"group\" aria-roledescription=\"slide\" aria-label=\"6 von 10\" data-no-translation-aria-label=\"\"><figure class=\"swiper-slide-inner\"><img decoding=\"async\" class=\"swiper-slide-image\" src=\"https:\/\/velolake.com\/wp-content\/uploads\/2025\/03\/Giant-Fathom-1-categoria-mbr-pro.webp\" alt=\"Giant Fathom 1 (categoria mbr pro)\" \/><\/figure><\/div><div class=\"swiper-slide\" role=\"group\" aria-roledescription=\"slide\" aria-label=\"7 von 10\" data-no-translation-aria-label=\"\"><figure class=\"swiper-slide-inner\"><img decoding=\"async\" class=\"swiper-slide-image\" src=\"https:\/\/velolake.com\/wp-content\/uploads\/2023\/04\/Giant-XTC-advanced-categoria-mtb-carbon-1.webp\" alt=\"Giant XTC advanced ( categoria mtb carbon) (1)\" \/><\/figure><\/div><div class=\"swiper-slide\" role=\"group\" aria-roledescription=\"slide\" aria-label=\"8 von 10\" data-no-translation-aria-label=\"\"><figure class=\"swiper-slide-inner\"><img decoding=\"async\" class=\"swiper-slide-image\" src=\"https:\/\/velolake.com\/wp-content\/uploads\/2025\/03\/Gian-Propel-advanced-pro.webp\" alt=\"Gian Propel advanced pro\" \/><\/figure><\/div><div class=\"swiper-slide\" role=\"group\" aria-roledescription=\"slide\" aria-label=\"9 von 10\" data-no-translation-aria-label=\"\"><figure class=\"swiper-slide-inner\"><img decoding=\"async\" class=\"swiper-slide-image\" src=\"https:\/\/velolake.com\/wp-content\/uploads\/2025\/03\/Mondraker-Play20-caLiv-Temp-E-categoria-e-mtb-kids.webp\" alt=\"Mondraker Play20 (caLiv Temp E+ ( categoria e-mtb kids)\" \/><\/figure><\/div><div class=\"swiper-slide\" role=\"group\" aria-roledescription=\"slide\" aria-label=\"10 von 10\" data-no-translation-aria-label=\"\"><figure class=\"swiper-slide-inner\"><img decoding=\"async\" class=\"swiper-slide-image\" src=\"https:\/\/velolake.com\/wp-content\/uploads\/2025\/03\/Mondraker-Play20-categoria-e-mtb-kids.webp\" alt=\"Mondraker Play20 (categoria e-mtb kids)\" \/><\/figure><\/div>\t\t\t<\/div>\n\t\t\t\t\t\t\t\t\t\t\t\t<div class=\"elementor-swiper-button elementor-swiper-button-prev\" role=\"button\" tabindex=\"0\">\n\t\t\t\t\t\t<i aria-hidden=\"true\" class=\"eicon-chevron-left\"><\/i>\t\t\t\t\t<\/div>\n\t\t\t\t\t<div class=\"elementor-swiper-button elementor-swiper-button-next\" role=\"button\" tabindex=\"0\">\n\t\t\t\t\t\t<i aria-hidden=\"true\" class=\"eicon-chevron-right\"><\/i>\t\t\t\t\t<\/div>\n\t\t\t\t\n\t\t\t\t\t\t\t\t\t<\/div>\n\t\t\t\t\t\t<\/div>\n\t\t\t\t<\/div>\n\t\t\t\t\t<\/div>\n\t\t<\/div>\n\t\t\t\t\t<\/div>\n\t\t<\/section>\n\t\t\t\t\t<\/div>\n\t\t<\/div>\n\t\t\t\t\t<\/div>\n\t\t<\/section>\n\t\t\t\t<section class=\"elementor-section elementor-top-section elementor-element elementor-element-6d6cdb33 elementor-section-full_width elementor-section-height-default elementor-section-height-default\" data-id=\"6d6cdb33\" data-element_type=\"section\" data-e-type=\"section\" data-settings=\"{&quot;background_background&quot;:&quot;classic&quot;}\">\n\t\t\t\t\t\t\t<div class=\"elementor-background-overlay\"><\/div>\n\t\t\t\t\t\t\t<div class=\"elementor-container elementor-column-gap-default\">\n\t\t\t\t\t<div class=\"elementor-column elementor-col-50 elementor-top-column elementor-element elementor-element-3b3444ec\" data-id=\"3b3444ec\" data-element_type=\"column\" data-e-type=\"column\" data-settings=\"{&quot;background_background&quot;:&quot;classic&quot;}\">\n\t\t\t<div class=\"elementor-widget-wrap\">\n\t\t\t\t\t\t\t<\/div>\n\t\t<\/div>\n\t\t\t\t<div class=\"elementor-column elementor-col-50 elementor-top-column elementor-element elementor-element-2adcbd10\" data-id=\"2adcbd10\" data-element_type=\"column\" data-e-type=\"column\">\n\t\t\t<div class=\"elementor-widget-wrap elementor-element-populated\">\n\t\t\t\t\t\t<div class=\"elementor-element elementor-element-7293a5a8 elementor-widget elementor-widget-heading\" data-id=\"7293a5a8\" data-element_type=\"widget\" data-e-type=\"widget\" data-widget_type=\"heading.default\">\n\t\t\t\t<div class=\"elementor-widget-container\">\n\t\t\t\t\t<h2 class=\"elementor-heading-title elementor-size-default\">Online mieten<\/h2>\t\t\t\t<\/div>\n\t\t\t\t<\/div>\n\t\t\t\t<div class=\"elementor-element elementor-element-6edd3b4f elementor-widget elementor-widget-text-editor\" data-id=\"6edd3b4f\" data-element_type=\"widget\" data-e-type=\"widget\" data-widget_type=\"text-editor.default\">\n\t\t\t\t<div class=\"elementor-widget-container\">\n\t\t\t\t\t\t\t\t\t<p><strong>Exklusive Verg\u00fcnstigungen f\u00fcr Onlinebuchungen<\/strong><br \/>Buchen Sie Ihr Fahrrad online f\u00fcr Riva del Garda und genie\u00dfen Sie diese Premium-Vorteile:<\/p><p>\u2714 Verf\u00fcgbarkeit garantiert<br \/>\u2714 Professioneller Setup<br \/>\u2714 Test vor Ort<br \/>\u2714 Gereinigte Helme<br \/>\u2714 Volle Akkuladung f\u00fcr E-Bikes<br \/>\u2714 Saisonale Online-Rabatte<\/p>\t\t\t\t\t\t\t\t<\/div>\n\t\t\t\t<\/div>\n\t\t\t\t<div class=\"elementor-element elementor-element-6179449f elementor-widget elementor-widget-text-editor\" data-id=\"6179449f\" data-element_type=\"widget\" data-e-type=\"widget\" data-widget_type=\"text-editor.default\">\n\t\t\t\t<div class=\"elementor-widget-container\">\n\t\t\t\t\t\t\t\t\t<p><strong>Reservierung \u00e4ndern<\/strong><br \/>\u00c4nderungen n\u00f6tig? Siehe unsere <strong><a href=\"https:\/\/velolake.com\/wp-content\/uploads\/2024\/03\/Rental-Terms-and-Conditions-2024-Velolake.pdf\" target=\"_blank\" rel=\"noopener\">Mietbedingungen und Konditionen<\/a><\/strong> oder <strong><a href=\"https:\/\/velolake.com\/de\/kontakte\/\">kontaktieren<\/a><\/strong> Sie uns.<\/p>\t\t\t\t\t\t\t\t<\/div>\n\t\t\t\t<\/div>\n\t\t\t\t<div class=\"elementor-element elementor-element-16a50144 elementor-mobile-align-justify elementor-widget elementor-widget-button\" data-id=\"16a50144\" data-element_type=\"widget\" data-e-type=\"widget\" data-widget_type=\"button.default\">\n\t\t\t\t<div class=\"elementor-widget-container\">\n\t\t\t\t\t\t\t\t\t<div class=\"elementor-button-wrapper\">\n\t\t\t\t\t<a class=\"elementor-button elementor-button-link elementor-size-sm\" href=\"https:\/\/velolake.com\/de\/fahrradverleih-gardasee\/\">\n\t\t\t\t\t\t<span class=\"elementor-button-content-wrapper\">\n\t\t\t\t\t\t\t\t\t<span class=\"elementor-button-text\">Online mieten<\/span>\n\t\t\t\t\t<\/span>\n\t\t\t\t\t<\/a>\n\t\t\t\t<\/div>\n\t\t\t\t\t\t\t\t<\/div>\n\t\t\t\t<\/div>\n\t\t\t\t\t<\/div>\n\t\t<\/div>\n\t\t\t\t\t<\/div>\n\t\t<\/section>\n\t\t\t\t<section class=\"elementor-section elementor-top-section elementor-element elementor-element-2eb1f858 elementor-section-boxed elementor-section-height-default elementor-section-height-default\" data-id=\"2eb1f858\" data-element_type=\"section\" data-e-type=\"section\" data-settings=\"{&quot;background_background&quot;:&quot;classic&quot;}\">\n\t\t\t\t\t\t\t<div class=\"elementor-background-overlay\"><\/div>\n\t\t\t\t\t\t\t<div class=\"elementor-container elementor-column-gap-default\">\n\t\t\t\t\t<div class=\"elementor-column elementor-col-100 elementor-top-column elementor-element elementor-element-36f4ac92\" data-id=\"36f4ac92\" data-element_type=\"column\" data-e-type=\"column\">\n\t\t\t<div class=\"elementor-widget-wrap elementor-element-populated\">\n\t\t\t\t\t\t<section class=\"elementor-section elementor-inner-section elementor-element elementor-element-538f635c elementor-reverse-tablet elementor-reverse-mobile elementor-section-boxed elementor-section-height-default elementor-section-height-default\" data-id=\"538f635c\" data-element_type=\"section\" data-e-type=\"section\">\n\t\t\t\t\t\t<div class=\"elementor-container elementor-column-gap-default\">\n\t\t\t\t\t<div class=\"elementor-column elementor-col-50 elementor-inner-column elementor-element elementor-element-6ff44324\" data-id=\"6ff44324\" data-element_type=\"column\" data-e-type=\"column\">\n\t\t\t<div class=\"elementor-widget-wrap elementor-element-populated\">\n\t\t\t\t\t\t<div class=\"elementor-element elementor-element-20a242ce elementor-widget elementor-widget-heading\" data-id=\"20a242ce\" data-element_type=\"widget\" data-e-type=\"widget\" data-widget_type=\"heading.default\">\n\t\t\t\t<div class=\"elementor-widget-container\">\n\t\t\t\t\t<h2 class=\"elementor-heading-title elementor-size-default\">Entdecken<\/h2>\t\t\t\t<\/div>\n\t\t\t\t<\/div>\n\t\t\t\t<div class=\"elementor-element elementor-element-1ca3b5ff elementor-widget elementor-widget-text-editor\" data-id=\"1ca3b5ff\" data-element_type=\"widget\" data-e-type=\"widget\" data-widget_type=\"text-editor.default\">\n\t\t\t\t<div class=\"elementor-widget-container\">\n\t\t\t\t\t\t\t\t\t<p>Entdecken Sie landschaftlich reizvolle Routen, versteckte Pfade und Panoramablicke.<br \/>Auf unseren Komoot-Tracks finden Sie GPS-gef\u00fchrte Radrouten rund um Torbole und mehr.<\/p>\t\t\t\t\t\t\t\t<\/div>\n\t\t\t\t<\/div>\n\t\t\t\t\t<\/div>\n\t\t<\/div>\n\t\t\t\t<div class=\"elementor-column elementor-col-50 elementor-inner-column elementor-element elementor-element-3226780f\" data-id=\"3226780f\" data-element_type=\"column\" data-e-type=\"column\" data-settings=\"{&quot;background_background&quot;:&quot;classic&quot;}\">\n\t\t\t<div class=\"elementor-widget-wrap elementor-element-populated\">\n\t\t\t\t\t\t<div class=\"elementor-element elementor-element-77150d0a elementor-view-default elementor-widget elementor-widget-icon\" data-id=\"77150d0a\" data-element_type=\"widget\" data-e-type=\"widget\" data-widget_type=\"icon.default\">\n\t\t\t\t<div class=\"elementor-widget-container\">\n\t\t\t\t\t\t\t<div class=\"elementor-icon-wrapper\">\n\t\t\t<a class=\"elementor-icon\" href=\"https:\/\/velolake.com\/de\/fahrradrouten\/\">\n\t\t\t<svg xmlns=\"http:\/\/www.w3.org\/2000\/svg\" xmlns:xlink=\"http:\/\/www.w3.org\/1999\/xlink\" id=\"Livello_1\" x=\"0px\" y=\"0px\" viewbox=\"0 0 500 500\" style=\"enable-background:new 0 0 500 500;\" xml:space=\"preserve\"><style type=\"text\/css\">\t.st0{fill:#F20769;}<\/style><path class=\"st0\" d=\"M363,198.5l-36.7-29.8c-1-0.8-2.1-1.2-3.4-1.2h-56.2v-13.5c0-13.1-10.3-20.9-20.3-20.9c-5.1,0-9.8,2-13.2,5.6 c-2.6,2.7-5.6,7.8-5.6,16.2v41.3H178c-1.2,0-2.3,0.4-3.2,1.1l-37.7,28.8c-1.3,1-2.1,2.6-2.1,4.3c0,1.7,0.8,3.2,2.1,4.2l39.7,29.8 c0.9,0.7,2.1,1.1,3.2,1.1h37.7c2.9,0,5.3-2.4,5.3-5.3s-2.4-5.3-5.3-5.3h-35.9l-32.6-24.5l30.7-23.4h47.7v149.1h-22.3 c-2.9,0-5.3,2.4-5.3,5.3s2.4,5.3,5.3,5.3h82.8c2.9,0,5.3-2.4,5.3-5.3s-2.4-5.3-5.3-5.3h-23.4c0-0.2,0-0.4,0-0.6V251.3 c0-2.9-2.4-5.3-5.3-5.3s-5.3,2.4-5.3,5.3v104.2c0,0.2,0,0.4,0,0.6h-15.9V155.1c0-3.9,0.9-7,2.7-8.9c1.7-1.9,3.9-2.3,5.4-2.3 c4.7,0,9.7,3.6,9.7,10.2v13.5h-6.6c-2.9,0-5.3,2.4-5.3,5.3s2.4,5.3,5.3,5.3H321l29.6,24l-33.3,21.9h-66.9c-2.9,0-5.3,2.4-5.3,5.3 s2.4,5.3,5.3,5.3H319c1,0,2.1-0.3,2.9-0.9l40.7-26.8c1.4-0.9,2.3-2.5,2.4-4.2C365.1,201.3,364.3,199.6,363,198.5z\"><\/path><\/svg>\t\t\t<\/a>\n\t\t<\/div>\n\t\t\t\t\t\t<\/div>\n\t\t\t\t<\/div>\n\t\t\t\t<div class=\"elementor-element elementor-element-315b3792 elementor-mobile-align-center elementor-widget-mobile__width-inherit elementor-align-center elementor-widget elementor-widget-button\" data-id=\"315b3792\" data-element_type=\"widget\" data-e-type=\"widget\" data-widget_type=\"button.default\">\n\t\t\t\t<div class=\"elementor-widget-container\">\n\t\t\t\t\t\t\t\t\t<div class=\"elementor-button-wrapper\">\n\t\t\t\t\t<a class=\"elementor-button elementor-button-link elementor-size-sm\" href=\"https:\/\/velolake.com\/de\/fahrradrouten\/\" id=\"book-home-button\">\n\t\t\t\t\t\t<span class=\"elementor-button-content-wrapper\">\n\t\t\t\t\t\t\t\t\t<span class=\"elementor-button-text\">Routen ansehen<\/span>\n\t\t\t\t\t<\/span>\n\t\t\t\t\t<\/a>\n\t\t\t\t<\/div>\n\t\t\t\t\t\t\t\t<\/div>\n\t\t\t\t<\/div>\n\t\t\t\t\t<\/div>\n\t\t<\/div>\n\t\t\t\t\t<\/div>\n\t\t<\/section>\n\t\t\t\t\t<\/div>\n\t\t<\/div>\n\t\t\t\t\t<\/div>\n\t\t<\/section>\n\t\t\t\t<\/div>","protected":false},"excerpt":{"rendered":"<p>Looking for a bike rental in Riva del Garda? Velolake offers top-quality bike rentals for an unforgettable cycling experience. Whether you are tackling the legendary Ponale trail, climbing towards Lake Ledro, or cruising the scenic lakeside cycle paths, we provide the perfect ride for the north shore\u2019s unique terrain. Rent Online Now Store Address Bike [&hellip;]<\/p>\n","protected":false},"author":1,"featured_media":0,"parent":673,"menu_order":0,"comment_status":"closed","ping_status":"closed","template":"","meta":{"_joinchat":[],"footnotes":""},"class_list":["post-8533","page","type-page","status-publish","hentry"],"yoast_head":"<!-- This site is optimized with the Yoast SEO plugin v27.4 - https:\/\/yoast.com\/product\/yoast-seo-wordpress\/ -->\n<title>Bike Rent Riva del Garda - Velolake | Lake Garda<\/title>\n<meta name=\"description\" content=\"Looking for the best bike rent in Riva del Garda? VeloLake offers premium E-MTB, Road, and Gravel bikes. Book online Now!\" \/>\n<meta name=\"robots\" content=\"index, follow, max-snippet:-1, max-image-preview:large, max-video-preview:-1\" \/>\n<link rel=\"canonical\" href=\"https:\/\/velolake.com\/de\/velolake-shops\/fahrradverleih-riva-del-garda\/\" \/>\n<meta property=\"og:locale\" content=\"de_DE\" \/>\n<meta property=\"og:type\" content=\"article\" \/>\n<meta property=\"og:title\" content=\"Bike Rent Riva del Garda - Velolake | Lake Garda\" \/>\n<meta property=\"og:description\" content=\"Looking for the best bike rent in Riva del Garda? VeloLake offers premium E-MTB, Road, and Gravel bikes. Book online Now!\" \/>\n<meta property=\"og:url\" content=\"https:\/\/velolake.com\/de\/velolake-shops\/fahrradverleih-riva-del-garda\/\" \/>\n<meta property=\"og:site_name\" content=\"Velolake Lake Garda Bike\" \/>\n<meta property=\"article:publisher\" content=\"https:\/\/www.facebook.com\/velolake\" \/>\n<meta property=\"article:modified_time\" content=\"2026-03-21T16:35:38+00:00\" \/>\n<meta property=\"og:image\" content=\"https:\/\/velolake.com\/wp-content\/uploads\/2025\/03\/Giant-Eplus-1-categoria-e-fully.webp\" \/>\n<script type=\"application\/ld+json\" class=\"yoast-schema-graph\">{\"@context\":\"https:\\\/\\\/schema.org\",\"@graph\":[{\"@type\":\"WebPage\",\"@id\":\"https:\\\/\\\/velolake.com\\\/where-to-find-us\\\/bike-rent-riva-del-garda\\\/\",\"url\":\"https:\\\/\\\/velolake.com\\\/where-to-find-us\\\/bike-rent-riva-del-garda\\\/\",\"name\":\"Bike Rent Riva del Garda - Velolake | Lake Garda\",\"isPartOf\":{\"@id\":\"https:\\\/\\\/velolake.com\\\/#website\"},\"primaryImageOfPage\":{\"@id\":\"https:\\\/\\\/velolake.com\\\/where-to-find-us\\\/bike-rent-riva-del-garda\\\/#primaryimage\"},\"image\":{\"@id\":\"https:\\\/\\\/velolake.com\\\/where-to-find-us\\\/bike-rent-riva-del-garda\\\/#primaryimage\"},\"thumbnailUrl\":\"https:\\\/\\\/velolake.com\\\/wp-content\\\/uploads\\\/2025\\\/03\\\/Giant-Eplus-1-categoria-e-fully.webp\",\"datePublished\":\"2026-01-30T11:09:57+00:00\",\"dateModified\":\"2026-03-21T16:35:38+00:00\",\"description\":\"Looking for the best bike rent in Riva del Garda? VeloLake offers premium E-MTB, Road, and Gravel bikes. Book online Now!\",\"breadcrumb\":{\"@id\":\"https:\\\/\\\/velolake.com\\\/where-to-find-us\\\/bike-rent-riva-del-garda\\\/#breadcrumb\"},\"inLanguage\":\"de\",\"potentialAction\":[{\"@type\":\"ReadAction\",\"target\":[\"https:\\\/\\\/velolake.com\\\/where-to-find-us\\\/bike-rent-riva-del-garda\\\/\"]}]},{\"@type\":\"ImageObject\",\"inLanguage\":\"de\",\"@id\":\"https:\\\/\\\/velolake.com\\\/where-to-find-us\\\/bike-rent-riva-del-garda\\\/#primaryimage\",\"url\":\"https:\\\/\\\/velolake.com\\\/wp-content\\\/uploads\\\/2025\\\/03\\\/Giant-Eplus-1-categoria-e-fully.webp\",\"contentUrl\":\"https:\\\/\\\/velolake.com\\\/wp-content\\\/uploads\\\/2025\\\/03\\\/Giant-Eplus-1-categoria-e-fully.webp\"},{\"@type\":\"BreadcrumbList\",\"@id\":\"https:\\\/\\\/velolake.com\\\/where-to-find-us\\\/bike-rent-riva-del-garda\\\/#breadcrumb\",\"itemListElement\":[{\"@type\":\"ListItem\",\"position\":1,\"name\":\"Home\",\"item\":\"https:\\\/\\\/velolake.com\\\/\"},{\"@type\":\"ListItem\",\"position\":2,\"name\":\"Where to Find Us\",\"item\":\"https:\\\/\\\/velolake.com\\\/where-to-find-us\\\/\"},{\"@type\":\"ListItem\",\"position\":3,\"name\":\"Bike Rent Riva del Garda\"}]},{\"@type\":\"WebSite\",\"@id\":\"https:\\\/\\\/velolake.com\\\/#website\",\"url\":\"https:\\\/\\\/velolake.com\\\/\",\"name\":\"Velolake | Bike Rental & Shuttle on Lake Garda\",\"description\":\"Bike Rental and Shuttle at Lake Garda\",\"publisher\":{\"@id\":\"https:\\\/\\\/velolake.com\\\/#organization\"},\"alternateName\":\"Velolake Bike Rental\",\"potentialAction\":[{\"@type\":\"SearchAction\",\"target\":{\"@type\":\"EntryPoint\",\"urlTemplate\":\"https:\\\/\\\/velolake.com\\\/?s={search_term_string}\"},\"query-input\":{\"@type\":\"PropertyValueSpecification\",\"valueRequired\":true,\"valueName\":\"search_term_string\"}}],\"inLanguage\":\"de\"},{\"@type\":\"Organization\",\"@id\":\"https:\\\/\\\/velolake.com\\\/#organization\",\"name\":\"Velolake\",\"url\":\"https:\\\/\\\/velolake.com\\\/\",\"logo\":{\"@type\":\"ImageObject\",\"inLanguage\":\"de\",\"@id\":\"https:\\\/\\\/velolake.com\\\/#\\\/schema\\\/logo\\\/image\\\/\",\"url\":\"https:\\\/\\\/velolake.com\\\/wp-content\\\/uploads\\\/2023\\\/01\\\/velolake-logo-header.png\",\"contentUrl\":\"https:\\\/\\\/velolake.com\\\/wp-content\\\/uploads\\\/2023\\\/01\\\/velolake-logo-header.png\",\"width\":150,\"height\":50,\"caption\":\"Velolake\"},\"image\":{\"@id\":\"https:\\\/\\\/velolake.com\\\/#\\\/schema\\\/logo\\\/image\\\/\"},\"sameAs\":[\"https:\\\/\\\/www.facebook.com\\\/velolake\",\"https:\\\/\\\/www.instagram.com\\\/velolake_rental_experts\\\/\",\"https:\\\/\\\/www.linkedin.com\\\/company\\\/velolake\\\/\"]}]}<\/script>\n<!-- \/ Yoast SEO plugin. -->","yoast_head_json":{"title":"Fahrradverleih Riva del Garda - VeloLake | Gardasee","description":"Suchen Sie den besten Fahrradverleih in Riva del Garda? VeloLake bietet Premium E-MTB, Rennr\u00e4der und Gravelbikes. Jetzt online buchen!","robots":{"index":"index","follow":"follow","max-snippet":"max-snippet:-1","max-image-preview":"max-image-preview:large","max-video-preview":"max-video-preview:-1"},"canonical":"https:\/\/velolake.com\/de\/velolake-shops\/fahrradverleih-riva-del-garda\/","og_locale":"de_DE","og_type":"article","og_title":"Bike Rent Riva del Garda - Velolake | Lake Garda","og_description":"Looking for the best bike rent in Riva del Garda? VeloLake offers premium E-MTB, Road, and Gravel bikes. Book online Now!","og_url":"https:\/\/velolake.com\/de\/velolake-shops\/fahrradverleih-riva-del-garda\/","og_site_name":"Velolake Lake Garda Bike","article_publisher":"https:\/\/www.facebook.com\/velolake","article_modified_time":"2026-03-21T16:35:38+00:00","og_image":[{"url":"https:\/\/velolake.com\/wp-content\/uploads\/2025\/03\/Giant-Eplus-1-categoria-e-fully.webp","type":"","width":"","height":""}],"schema":{"@context":"https:\/\/schema.org","@graph":[{"@type":"WebPage","@id":"https:\/\/velolake.com\/where-to-find-us\/bike-rent-riva-del-garda\/","url":"https:\/\/velolake.com\/where-to-find-us\/bike-rent-riva-del-garda\/","name":"Fahrradverleih Riva del Garda - VeloLake | Gardasee","isPartOf":{"@id":"https:\/\/velolake.com\/#website"},"primaryImageOfPage":{"@id":"https:\/\/velolake.com\/where-to-find-us\/bike-rent-riva-del-garda\/#primaryimage"},"image":{"@id":"https:\/\/velolake.com\/where-to-find-us\/bike-rent-riva-del-garda\/#primaryimage"},"thumbnailUrl":"https:\/\/velolake.com\/wp-content\/uploads\/2025\/03\/Giant-Eplus-1-categoria-e-fully.webp","datePublished":"2026-01-30T11:09:57+00:00","dateModified":"2026-03-21T16:35:38+00:00","description":"Suchen Sie den besten Fahrradverleih in Riva del Garda? VeloLake bietet Premium E-MTB, Rennr\u00e4der und Gravelbikes. Jetzt online buchen!","breadcrumb":{"@id":"https:\/\/velolake.com\/where-to-find-us\/bike-rent-riva-del-garda\/#breadcrumb"},"inLanguage":"de","potentialAction":[{"@type":"ReadAction","target":["https:\/\/velolake.com\/where-to-find-us\/bike-rent-riva-del-garda\/"]}]},{"@type":"ImageObject","inLanguage":"de","@id":"https:\/\/velolake.com\/where-to-find-us\/bike-rent-riva-del-garda\/#primaryimage","url":"https:\/\/velolake.com\/wp-content\/uploads\/2025\/03\/Giant-Eplus-1-categoria-e-fully.webp","contentUrl":"https:\/\/velolake.com\/wp-content\/uploads\/2025\/03\/Giant-Eplus-1-categoria-e-fully.webp"},{"@type":"BreadcrumbList","@id":"https:\/\/velolake.com\/where-to-find-us\/bike-rent-riva-del-garda\/#breadcrumb","itemListElement":[{"@type":"ListItem","position":1,"name":"Home","item":"https:\/\/velolake.com\/"},{"@type":"ListItem","position":2,"name":"Where to Find Us","item":"https:\/\/velolake.com\/where-to-find-us\/"},{"@type":"ListItem","position":3,"name":"Bike Rent Riva del Garda"}]},{"@type":"WebSite","@id":"https:\/\/velolake.com\/#website","url":"https:\/\/velolake.com\/","name":"Velolake | Bike Rental & Shuttle on Lake Garda","description":"Bike Rental and Shuttle at Lake Garda","publisher":{"@id":"https:\/\/velolake.com\/#organization"},"alternateName":"Velolake Bike Rental","potentialAction":[{"@type":"SearchAction","target":{"@type":"EntryPoint","urlTemplate":"https:\/\/velolake.com\/?s={search_term_string}"},"query-input":{"@type":"PropertyValueSpecification","valueRequired":true,"valueName":"search_term_string"}}],"inLanguage":"de"},{"@type":"Organization","@id":"https:\/\/velolake.com\/#organization","name":"Velolake","url":"https:\/\/velolake.com\/","logo":{"@type":"ImageObject","inLanguage":"de","@id":"https:\/\/velolake.com\/#\/schema\/logo\/image\/","url":"https:\/\/velolake.com\/wp-content\/uploads\/2023\/01\/velolake-logo-header.png","contentUrl":"https:\/\/velolake.com\/wp-content\/uploads\/2023\/01\/velolake-logo-header.png","width":150,"height":50,"caption":"Velolake"},"image":{"@id":"https:\/\/velolake.com\/#\/schema\/logo\/image\/"},"sameAs":["https:\/\/www.facebook.com\/velolake","https:\/\/www.instagram.com\/velolake_rental_experts\/","https:\/\/www.linkedin.com\/company\/velolake\/"]}]}},"_links":{"self":[{"href":"https:\/\/velolake.com\/de\/wp-json\/wp\/v2\/pages\/8533","targetHints":{"allow":["GET"]}}],"collection":[{"href":"https:\/\/velolake.com\/de\/wp-json\/wp\/v2\/pages"}],"about":[{"href":"https:\/\/velolake.com\/de\/wp-json\/wp\/v2\/types\/page"}],"author":[{"embeddable":true,"href":"https:\/\/velolake.com\/de\/wp-json\/wp\/v2\/users\/1"}],"replies":[{"embeddable":true,"href":"https:\/\/velolake.com\/de\/wp-json\/wp\/v2\/comments?post=8533"}],"version-history":[{"count":16,"href":"https:\/\/velolake.com\/de\/wp-json\/wp\/v2\/pages\/8533\/revisions"}],"predecessor-version":[{"id":9585,"href":"https:\/\/velolake.com\/de\/wp-json\/wp\/v2\/pages\/8533\/revisions\/9585"}],"up":[{"embeddable":true,"href":"https:\/\/velolake.com\/de\/wp-json\/wp\/v2\/pages\/673"}],"wp:attachment":[{"href":"https:\/\/velolake.com\/de\/wp-json\/wp\/v2\/media?parent=8533"}],"curies":[{"name":"wp","href":"https:\/\/api.w.org\/{rel}","templated":true}]}}